{"id":111,"date":"2016-12-06T16:12:31","date_gmt":"2016-12-06T16:12:31","guid":{"rendered":"http:\/\/simbiosystemas-001-site6.gtempurl.com\/?post_type=product&#038;p=111"},"modified":"2020-10-30T14:50:01","modified_gmt":"2020-10-30T14:50:01","slug":"fz-2-0-fi","status":"publish","type":"product","link":"http:\/\/caldasmotos.com\/index.php\/product\/fz-2-0-fi\/","title":{"rendered":"FZ 2.0 FI"},"content":{"rendered":"<div class=\"row m-segment\">\n<h1 class=\"col-md-3 m-type-heading-1\">Dise\u00f1o<\/h1>\n<div class=\"col-md-9\">\n<div><\/div>\n<p>Largo total<\/p>\n<div class=\"col-md-4 offset-1 text-right\">1,990 mm<\/div>\n<p>Ancho total<\/p>\n<div class=\"col-md-4 offset-1 text-right\">77 mm<\/div>\n<p>Altura total<\/p>\n<div class=\"col-md-4 offset-1 text-right\">1,030 mm<\/div>\n<p>Altura al asiento<\/p>\n<div class=\"col-md-4 offset-1 text-right\">790 mm<\/div>\n<p>Distancia entre ejes<\/p>\n<div class=\"col-md-4 offset-1 text-right\">1,330 mm<\/div>\n<p>Distancia m\u00ednima del piso<\/p>\n<div class=\"col-md-4 offset-1 text-right\">160 mm<\/div>\n<p>Peso (Con aceite y tanque de gasolina lleno)<\/p>\n<div class=\"col-md-4 offset-1 text-right\">137 kg<\/div>\n<\/div>\n<div class=\"col-md-4 offset-1 text-right\"><\/div>\n<\/div>\n<div class=\"row m-segment\">\n<h1 class=\"col-md-3 m-type-heading-1\">CHAS\u00cdS<\/h1>\n<div class=\"col-md-9\">\n<div><\/div>\n<p>Encendido<\/p>\n<div class=\"col-md-4 offset-1 text-right\">TCI<\/div>\n<p>Capacidad de bater\u00eda<\/p>\n<div class=\"col-md-4 offset-1 text-right\">12V 4AH (10h)<\/div>\n<p>Bater\u00eda<\/p>\n<div class=\"col-md-4 offset-1 text-right\">YTX5L-BS<\/div>\n<p>Transmisi\u00f3n final<\/p>\n<div class=\"col-md-4 offset-1 text-right\">Cadena<\/div>\n<p>Relaci\u00f3n de reducci\u00f3n primaria<\/p>\n<div class=\"col-md-4 offset-1 text-right\">Engranaje recto \/ Cadena<\/div>\n<p>Relaci\u00f3n de reducci\u00f3n secundaria<\/p>\n<div class=\"col-md-4 offset-1 text-right\">75\/22 3.409 \/ 41\/14 2.929<\/div>\n<p>Tipo de embrague<\/p>\n<div class=\"col-md-4 offset-1 text-right\">Multidisco h\u00famedo con resorte en espiral<\/div>\n<p>Tipo de transmisi\u00f3n<\/p>\n<div class=\"col-md-4 offset-1 text-right\">Transmisi\u00f3n constante de 5 velocidades<\/div>\n<p>Tipo de chas\u00eds<\/p>\n<div class=\"col-md-4 offset-1 text-right\">Diamante<\/div>\n<p>Inclinaci\u00f3n \/ avance<\/p>\n<div class=\"col-md-4 offset-1 text-right\">25\u00b0 101.2mm<\/div>\n<p>Rueda delantera<\/p>\n<div class=\"col-md-4 offset-1 text-right\">100\/80-R17<\/div>\n<p>Rueda trasera<\/p>\n<div class=\"col-md-4 offset-1 text-right\">140\/60-R17<\/div>\n<p>Freno delantero<\/p>\n<div class=\"col-md-4 offset-1 text-right\">Disco<\/div>\n<p>Freno trasero<\/p>\n<div class=\"col-md-4 offset-1 text-right\">Tambor<\/div>\n<p>Tipo de suspensi\u00f3n delantera<\/p>\n<div class=\"col-md-4 offset-1 text-right\">Horquilla telesc\u00f3pica<\/div>\n<p>Tipo de suspensi\u00f3n trasera<\/p>\n<div class=\"col-md-4 offset-1 text-right\">Basculante<\/div>\n<p>Luz principal<\/p>\n<div class=\"col-md-4 offset-1 text-right\">Bombillo hal\u00f3geno 12V 35W\/35W X 1<\/div>\n<\/div>\n<\/div>\n<div class=\"row m-segment\">\n<div class=\"col-md-3 m-type-heading-1\"><\/div>\n<div class=\"col-md-3 m-type-heading-1\"><\/div>\n<h1 class=\"col-md-3 m-type-heading-1\">DESEMPE\u00d1O<\/h1>\n<div class=\"col-md-9\">\n<div><\/div>\n<p>Tipo de motor<\/p>\n<div class=\"col-md-4 offset-1 text-right\">4 Tiempos \u2013 SOHC refrigerado por aire<\/div>\n<p>Disposici\u00f3n de los cilindros<\/p>\n<div class=\"col-md-4 offset-1 text-right\">1 Cilindro inclinado hacia adelante<\/div>\n<p>Cilindraje<\/p>\n<div class=\"col-md-4 offset-1 text-right\">149 cm3<\/div>\n<p>Di\u00e1metro por carrera<\/p>\n<div class=\"col-md-4 offset-1 text-right\">57.3 X 57.9 mm<\/div>\n<p>Relaci\u00f3n de compresi\u00f3n<\/p>\n<div class=\"col-md-4 offset-1 text-right\">9.6 : 1<\/div>\n<p>Potencia m\u00e1xima<\/p>\n<div class=\"col-md-4 offset-1 text-right\">13 Hp a 8000 rpm<\/div>\n<p>Torque m\u00e1ximo<\/p>\n<div class=\"col-md-4 offset-1 text-right\">12.8 Nm a 6000 rpm<\/div>\n<p>Arranque<\/p>\n<div class=\"col-md-4 offset-1 text-right\">El\u00e9ctrico<\/div>\n<p>Tipo de lubricaci\u00f3n<\/p>\n<div class=\"col-md-4 offset-1 text-right\">C\u00e1rter h\u00famedo<\/div>\n<p>Capacidad de combustible<\/p>\n<div class=\"col-md-4 offset-1 text-right\">12 L (3.17 Gls)<\/div>\n<p>Sistema de alimentaci\u00f3n<\/p>\n<div class=\"col-md-4 offset-1 text-right\">Inyecci\u00f3n Electr\u00f3nica<\/div>\n<\/div>\n<\/div>\n","protected":false},"excerpt":{"rendered":"<p>La nueva serie FZ 2.0 FI es una evoluci\u00f3n no solo en desempe\u00f1o, sino tambi\u00e9n en dise\u00f1o y tecnolog\u00eda a trav\u00e9s del Blue Core, la Inyecci\u00f3n electr\u00f3nica y el cumplimiento de la norma Euro3.<\/p>\n<p>El motor de la nueva FZ 2.0 FI se destaca por su respuesta inmediata al acelerar, al arrancar o al adelantar brindando seguridad en su conducci\u00f3n. Es un motor 4 tiempos SOHC, refrigerado por aire, 149 c.c., su desempe\u00f1o, dise\u00f1o, tecnolog\u00eda y potencia son los beneficios que nos permitir\u00e1n disfrutar de esta gran moto.<\/p>\n","protected":false},"featured_media":673,"comment_status":"open","ping_status":"closed","template":"","meta":{"_monsterinsights_skip_tracking":false,"_monsterinsights_sitenote_active":false,"_monsterinsights_sitenote_note":"","_monsterinsights_sitenote_category":0},"product_cat":[11,13],"product_tag":[],"aioseo_notices":[],"yoast_head":"<!-- This site is optimized with the Yoast SEO plugin v18.4.1 - https:\/\/yoast.com\/wordpress\/plugins\/seo\/ -->\r\n<title>FZ 2.0 FI - CALDAS MOTOS<\/title>\r\n<meta name=\"description\" content=\"Caldas motos, yamaha manizales, manizales yamaha, yamaha, caldas yamaha\" \/>\r\n<meta name=\"robots\" content=\"index, follow, max-snippet:-1, max-image-preview:large, max-video-preview:-1\" \/>\r\n<link rel=\"canonical\" href=\"http:\/\/caldasmotos.com\/index.php\/product\/fz-2-0-fi\/\" \/>\r\n<meta property=\"og:locale\" content=\"es_ES\" \/>\r\n<meta property=\"og:type\" content=\"article\" \/>\r\n<meta property=\"og:title\" content=\"FZ 2.0 FI - CALDAS MOTOS\" \/>\r\n<meta property=\"og:description\" content=\"Caldas motos, yamaha manizales, manizales yamaha, yamaha, caldas yamaha\" \/>\r\n<meta property=\"og:url\" content=\"http:\/\/caldasmotos.com\/index.php\/product\/fz-2-0-fi\/\" \/>\r\n<meta property=\"og:site_name\" content=\"CALDAS MOTOS\" \/>\r\n<meta property=\"article:modified_time\" content=\"2020-10-30T14:50:01+00:00\" \/>\r\n<meta property=\"og:image\" content=\"http:\/\/caldasmotos.com\/wp-content\/uploads\/2016\/12\/fz-azul.jpg\" \/>\r\n\t<meta property=\"og:image:width\" content=\"494\" \/>\r\n\t<meta property=\"og:image:height\" content=\"438\" \/>\r\n\t<meta property=\"og:image:type\" content=\"image\/jpeg\" \/>\r\n<meta name=\"twitter:card\" content=\"summary\" \/>\r\n<meta name=\"twitter:label1\" content=\"Tiempo estimado de lectura\" \/>\n\t<meta name=\"twitter:data1\" content=\"1 minuto\" \/>\r\n<script type=\"application\/ld+json\" class=\"yoast-schema-graph\">{\"@context\":\"https:\/\/schema.org\",\"@graph\":[{\"@type\":\"Organization\",\"@id\":\"https:\/\/caldasmotos.com\/#organization\",\"name\":\"distrimotosyamaha\",\"url\":\"https:\/\/caldasmotos.com\/\",\"sameAs\":[],\"logo\":{\"@type\":\"ImageObject\",\"@id\":\"https:\/\/caldasmotos.com\/#logo\",\"inLanguage\":\"es-CO\",\"url\":\"http:\/\/caldasmotos.com\/wp-content\/uploads\/2019\/10\/5-1.png\",\"contentUrl\":\"http:\/\/caldasmotos.com\/wp-content\/uploads\/2019\/10\/5-1.png\",\"width\":1924,\"height\":398,\"caption\":\"distrimotosyamaha\"},\"image\":{\"@id\":\"https:\/\/caldasmotos.com\/#logo\"}},{\"@type\":\"WebSite\",\"@id\":\"https:\/\/caldasmotos.com\/#website\",\"url\":\"https:\/\/caldasmotos.com\/\",\"name\":\"CALDAS MOTOS\",\"description\":\"Caldas motos, yamaha manizales, manizales yamaha, yamaha, caldas yamaha\",\"publisher\":{\"@id\":\"https:\/\/caldasmotos.com\/#organization\"},\"potentialAction\":[{\"@type\":\"SearchAction\",\"target\":{\"@type\":\"EntryPoint\",\"urlTemplate\":\"https:\/\/caldasmotos.com\/?s={search_term_string}\"},\"query-input\":\"required name=search_term_string\"}],\"inLanguage\":\"es-CO\"},{\"@type\":\"ImageObject\",\"@id\":\"http:\/\/caldasmotos.com\/index.php\/product\/fz-2-0-fi\/#primaryimage\",\"inLanguage\":\"es-CO\",\"url\":\"http:\/\/caldasmotos.com\/wp-content\/uploads\/2016\/12\/fz-azul.jpg\",\"contentUrl\":\"http:\/\/caldasmotos.com\/wp-content\/uploads\/2016\/12\/fz-azul.jpg\",\"width\":494,\"height\":438},{\"@type\":\"WebPage\",\"@id\":\"http:\/\/caldasmotos.com\/index.php\/product\/fz-2-0-fi\/#webpage\",\"url\":\"http:\/\/caldasmotos.com\/index.php\/product\/fz-2-0-fi\/\",\"name\":\"FZ 2.0 FI - CALDAS MOTOS\",\"isPartOf\":{\"@id\":\"https:\/\/caldasmotos.com\/#website\"},\"primaryImageOfPage\":{\"@id\":\"http:\/\/caldasmotos.com\/index.php\/product\/fz-2-0-fi\/#primaryimage\"},\"datePublished\":\"2016-12-06T16:12:31+00:00\",\"dateModified\":\"2020-10-30T14:50:01+00:00\",\"description\":\"Caldas motos, yamaha manizales, manizales yamaha, yamaha, caldas yamaha\",\"breadcrumb\":{\"@id\":\"http:\/\/caldasmotos.com\/index.php\/product\/fz-2-0-fi\/#breadcrumb\"},\"inLanguage\":\"es-CO\",\"potentialAction\":[{\"@type\":\"ReadAction\",\"target\":[\"http:\/\/caldasmotos.com\/index.php\/product\/fz-2-0-fi\/\"]}]},{\"@type\":\"BreadcrumbList\",\"@id\":\"http:\/\/caldasmotos.com\/index.php\/product\/fz-2-0-fi\/#breadcrumb\",\"itemListElement\":[{\"@type\":\"ListItem\",\"position\":1,\"name\":\"Home\",\"item\":\"https:\/\/caldasmotos.com\/\"},{\"@type\":\"ListItem\",\"position\":2,\"name\":\"Shop\",\"item\":\"https:\/\/caldasmotos.com\/index.php\/shop\/\"},{\"@type\":\"ListItem\",\"position\":3,\"name\":\"FZ 2.0 FI\"}]}]}<\/script>\r\n<!-- \/ Yoast SEO plugin. -->","yoast_head_json":{"title":"FZ 2.0 FI - CALDAS MOTOS","description":"Caldas motos, yamaha manizales, manizales yamaha, yamaha, caldas yamaha","robots":{"index":"index","follow":"follow","max-snippet":"max-snippet:-1","max-image-preview":"max-image-preview:large","max-video-preview":"max-video-preview:-1"},"canonical":"http:\/\/caldasmotos.com\/index.php\/product\/fz-2-0-fi\/","og_locale":"es_ES","og_type":"article","og_title":"FZ 2.0 FI - CALDAS MOTOS","og_description":"Caldas motos, yamaha manizales, manizales yamaha, yamaha, caldas yamaha","og_url":"http:\/\/caldasmotos.com\/index.php\/product\/fz-2-0-fi\/","og_site_name":"CALDAS MOTOS","article_modified_time":"2020-10-30T14:50:01+00:00","og_image":[{"width":494,"height":438,"url":"http:\/\/caldasmotos.com\/wp-content\/uploads\/2016\/12\/fz-azul.jpg","type":"image\/jpeg"}],"twitter_card":"summary","twitter_misc":{"Tiempo estimado de lectura":"1 minuto"},"schema":{"@context":"https:\/\/schema.org","@graph":[{"@type":"Organization","@id":"https:\/\/caldasmotos.com\/#organization","name":"distrimotosyamaha","url":"https:\/\/caldasmotos.com\/","sameAs":[],"logo":{"@type":"ImageObject","@id":"https:\/\/caldasmotos.com\/#logo","inLanguage":"es-CO","url":"http:\/\/caldasmotos.com\/wp-content\/uploads\/2019\/10\/5-1.png","contentUrl":"http:\/\/caldasmotos.com\/wp-content\/uploads\/2019\/10\/5-1.png","width":1924,"height":398,"caption":"distrimotosyamaha"},"image":{"@id":"https:\/\/caldasmotos.com\/#logo"}},{"@type":"WebSite","@id":"https:\/\/caldasmotos.com\/#website","url":"https:\/\/caldasmotos.com\/","name":"CALDAS MOTOS","description":"Caldas motos, yamaha manizales, manizales yamaha, yamaha, caldas yamaha","publisher":{"@id":"https:\/\/caldasmotos.com\/#organization"},"potentialAction":[{"@type":"SearchAction","target":{"@type":"EntryPoint","urlTemplate":"https:\/\/caldasmotos.com\/?s={search_term_string}"},"query-input":"required name=search_term_string"}],"inLanguage":"es-CO"},{"@type":"ImageObject","@id":"http:\/\/caldasmotos.com\/index.php\/product\/fz-2-0-fi\/#primaryimage","inLanguage":"es-CO","url":"http:\/\/caldasmotos.com\/wp-content\/uploads\/2016\/12\/fz-azul.jpg","contentUrl":"http:\/\/caldasmotos.com\/wp-content\/uploads\/2016\/12\/fz-azul.jpg","width":494,"height":438},{"@type":"WebPage","@id":"http:\/\/caldasmotos.com\/index.php\/product\/fz-2-0-fi\/#webpage","url":"http:\/\/caldasmotos.com\/index.php\/product\/fz-2-0-fi\/","name":"FZ 2.0 FI - CALDAS MOTOS","isPartOf":{"@id":"https:\/\/caldasmotos.com\/#website"},"primaryImageOfPage":{"@id":"http:\/\/caldasmotos.com\/index.php\/product\/fz-2-0-fi\/#primaryimage"},"datePublished":"2016-12-06T16:12:31+00:00","dateModified":"2020-10-30T14:50:01+00:00","description":"Caldas motos, yamaha manizales, manizales yamaha, yamaha, caldas yamaha","breadcrumb":{"@id":"http:\/\/caldasmotos.com\/index.php\/product\/fz-2-0-fi\/#breadcrumb"},"inLanguage":"es-CO","potentialAction":[{"@type":"ReadAction","target":["http:\/\/caldasmotos.com\/index.php\/product\/fz-2-0-fi\/"]}]},{"@type":"BreadcrumbList","@id":"http:\/\/caldasmotos.com\/index.php\/product\/fz-2-0-fi\/#breadcrumb","itemListElement":[{"@type":"ListItem","position":1,"name":"Home","item":"https:\/\/caldasmotos.com\/"},{"@type":"ListItem","position":2,"name":"Shop","item":"https:\/\/caldasmotos.com\/index.php\/shop\/"},{"@type":"ListItem","position":3,"name":"FZ 2.0 FI"}]}]}},"_links":{"self":[{"href":"http:\/\/caldasmotos.com\/index.php\/wp-json\/wp\/v2\/product\/111"}],"collection":[{"href":"http:\/\/caldasmotos.com\/index.php\/wp-json\/wp\/v2\/product"}],"about":[{"href":"http:\/\/caldasmotos.com\/index.php\/wp-json\/wp\/v2\/types\/product"}],"replies":[{"embeddable":true,"href":"http:\/\/caldasmotos.com\/index.php\/wp-json\/wp\/v2\/comments?post=111"}],"wp:featuredmedia":[{"embeddable":true,"href":"http:\/\/caldasmotos.com\/index.php\/wp-json\/wp\/v2\/media\/673"}],"wp:attachment":[{"href":"http:\/\/caldasmotos.com\/index.php\/wp-json\/wp\/v2\/media?parent=111"}],"wp:term":[{"taxonomy":"product_cat","embeddable":true,"href":"http:\/\/caldasmotos.com\/index.php\/wp-json\/wp\/v2\/product_cat?post=111"},{"taxonomy":"product_tag","embeddable":true,"href":"http:\/\/caldasmotos.com\/index.php\/wp-json\/wp\/v2\/product_tag?post=111"}],"curies":[{"name":"wp","href":"https:\/\/api.w.org\/{rel}","templated":true}]}}