{"id":203,"date":"2016-12-12T20:54:33","date_gmt":"2016-12-12T20:54:33","guid":{"rendered":"http:\/\/simbiosystemas-001-site6.gtempurl.com\/?post_type=product&#038;p=203"},"modified":"2020-11-04T15:24:46","modified_gmt":"2020-11-04T15:24:46","slug":"mt-03","status":"publish","type":"product","link":"https:\/\/caldasmotos.com\/index.php\/product\/mt-03\/","title":{"rendered":"Mt 03 ABS"},"content":{"rendered":"<div class=\"container specification-short\">\n<h2>ESPECIFICACIONES<\/h2>\n<div class=\"box-short\">\n<table>\n<tbody>\n<tr>\n<td>Cilindraje<\/td>\n<td>321 cc<\/td>\n<\/tr>\n<tr>\n<td>Peso (con aceite y tanque de gasolina lleno)<\/td>\n<td>168 kg<\/td>\n<\/tr>\n<tr>\n<td>Potencia<\/td>\n<td>30.9 kW (42PS) \/ 10750 rpm<\/td>\n<\/tr>\n<tr>\n<td>Torque<\/td>\n<td>29.6 Nm \/ 9000 rpm<\/td>\n<\/tr>\n<tr>\n<td>Tipo de motor<\/td>\n<td>Refrigeraci\u00f3n l\u00edquida, 4-tiempos, DOHC, 4 v\u00e1lvulas<\/td>\n<\/tr>\n<\/tbody>\n<\/table>\n<\/div>\n<\/div>\n<div class=\"hidden-info\">\n<div class=\"container\">\n<div class=\"specification-info\">\n<table>\n<tbody>\n<tr>\n<td>Largo total<\/td>\n<td>2090 mm<\/td>\n<\/tr>\n<tr>\n<td>Ancho total<\/td>\n<td>755 mm<\/td>\n<\/tr>\n<tr>\n<td>Altura total<\/td>\n<td>1,070 mm<\/td>\n<\/tr>\n<tr>\n<td>Altura al asiento<\/td>\n<td>780 mm<\/td>\n<\/tr>\n<tr>\n<td>Distancia entre ejes<\/td>\n<td>1380 mm<\/td>\n<\/tr>\n<tr>\n<td>Distancia m\u00ednima del piso<\/td>\n<td>160 mm<\/td>\n<\/tr>\n<tr>\n<td>Peso (Con aceite y tanque de gasolina lleno)<\/td>\n<td>168 kg<\/td>\n<\/tr>\n<tr>\n<td>Tipo de motor<\/td>\n<td>Refrigeraci\u00f3n l\u00edquida, 4-tiempos, DOHC, 4 v\u00e1lvulas<\/td>\n<\/tr>\n<tr>\n<td>Disposici\u00f3n de los cilindros<\/td>\n<td>2-cilindros en l\u00ednea<\/td>\n<\/tr>\n<tr>\n<td>Cilindraje:<\/td>\n<td>321cm3<\/td>\n<\/tr>\n<tr>\n<td>Di\u00e1metro por carrera<\/td>\n<td>68.0\u00d744.1 mm<\/td>\n<\/tr>\n<tr>\n<td>Relaci\u00f3n de compresi\u00f3n:<\/td>\n<td>11.2 \uff1a 1<\/td>\n<\/tr>\n<tr>\n<td>Potencia M\u00e1xima:<\/td>\n<td>30.9 kW (42PS) \/ 10750 rpm<\/td>\n<\/tr>\n<tr>\n<td>Torque m\u00e1ximo<\/td>\n<td>29.6 Nm \/ 9000 rpm<\/td>\n<\/tr>\n<tr>\n<td>Arranque:<\/td>\n<td>El\u00e9ctrico<\/td>\n<\/tr>\n<tr>\n<td>Tipo de lubricaci\u00f3n<\/td>\n<td>C\u00e1rter h\u00famedo<\/td>\n<\/tr>\n<tr>\n<td>Sistema de alimentaci\u00f3n<\/td>\n<td>Inyecci\u00f3n de combustible<\/td>\n<\/tr>\n<tr>\n<td>Capacidad de combustible:<\/td>\n<td>14L (3,70 Gls)<\/td>\n<\/tr>\n<tr>\n<td>Encendido:<\/td>\n<td>TCI<\/td>\n<\/tr>\n<tr>\n<td>Capacidad bater\u00eda<\/td>\n<td>12V,7.0AH(10H)<\/td>\n<\/tr>\n<tr>\n<td>Bater\u00eda<\/td>\n<td>GTZ8V<\/td>\n<\/tr>\n<tr>\n<td>Transmisi\u00f3n final<\/td>\n<td>Cadena<\/td>\n<\/tr>\n<tr>\n<td>Relaci\u00f3n de reducci\u00f3n primaria<\/td>\n<td>3.043 (70\/23)<\/td>\n<\/tr>\n<tr>\n<td>Sistema de reducci\u00f3n secundaria<\/td>\n<td>3.071(43\/14)<\/td>\n<\/tr>\n<tr>\n<td>Relaci\u00f3n de reducci\u00f3n secundaria<\/td>\n<td>3.071(43\/14)<\/td>\n<\/tr>\n<tr>\n<td>Tipo de embrague<\/td>\n<td>Multidisco en aceite<\/td>\n<\/tr>\n<tr>\n<td>Tipo de transmisi\u00f3n<\/td>\n<td>Engranajes constantes de 6 velocidades<\/td>\n<\/tr>\n<tr>\n<td>Relaci\u00f3n de transmisi\u00f3n en 1ra<\/td>\n<td>2.500(35\/14)<\/td>\n<\/tr>\n<tr>\n<td>Relaci\u00f3n de transmisi\u00f3n en 2da<\/td>\n<td>1.824(31\/17)<\/td>\n<\/tr>\n<tr>\n<td>Relaci\u00f3n de transmisi\u00f3n en 3ra<\/td>\n<td>1.348(31\/23)<\/td>\n<\/tr>\n<tr>\n<td>Relaci\u00f3n de transmisi\u00f3n en 4ta<\/td>\n<td>1.087(25\/23<\/td>\n<\/tr>\n<tr>\n<td>Relaci\u00f3n de transmisi\u00f3n en 5ta<\/td>\n<td>0.920(23\/25)<\/td>\n<\/tr>\n<tr>\n<td>Relaci\u00f3n de transmisi\u00f3n en 6ta<\/td>\n<td>0.800(24\/30)<\/td>\n<\/tr>\n<tr>\n<td>Tipo de chasis<\/td>\n<td>Diamante<\/td>\n<\/tr>\n<tr>\n<td>Inclinaci\u00f3n<\/td>\n<td>25\u00b0 00\u2032<\/td>\n<\/tr>\n<tr>\n<td>Avance<\/td>\n<td>95 mm<\/td>\n<\/tr>\n<tr>\n<td>Rueda delantera:<\/td>\n<td>110\/70-17M\/C 54H<\/td>\n<\/tr>\n<tr>\n<td>Rueda trasera:<\/td>\n<td>140\/70-17M\/C 66H<\/td>\n<\/tr>\n<tr>\n<td>Freno delantero:<\/td>\n<td>Disco de freno hidr\u00e1ulico<\/td>\n<\/tr>\n<tr>\n<td>Freno trasero:<\/td>\n<td>Disco de freno hidr\u00e1ulico<\/td>\n<\/tr>\n<tr>\n<td>Tipo de suspensi\u00f3n delantera<\/td>\n<td>Horquilla telesc\u00f3pica<\/td>\n<\/tr>\n<tr>\n<td>Tipo de suspensi\u00f3n trasera<\/td>\n<td>Brazo basculante<\/td>\n<\/tr>\n<tr>\n<td>Luz principal<\/td>\n<td>LED<\/td>\n<\/tr>\n<tr>\n<td>Luz principal<\/td>\n<td>LED<\/td>\n<\/tr>\n<\/tbody>\n<\/table>\n<\/div>\n<\/div>\n<\/div>\n","protected":false},"excerpt":{"rendered":"<p>ESPECIFICACIONES Cilindraje 321 cc Peso (con aceite y tanque de gasolina lleno) 168 kg Potencia 30.9 kW (42PS) \/ 10750 rpm Torque 29.6 Nm \/ 9000 rpm Tipo de motor Refrigeraci\u00f3n l\u00edquida, 4-tiempos, DOHC, 4 v\u00e1lvulas Largo total 2090 mm Ancho total 755 mm Altura total 1,070 mm Altura al asiento 780 mm Distancia entre <a href=\"https:\/\/caldasmotos.com\/index.php\/product\/mt-03\/\" rel=\"nofollow\"><span class=\"sr-only\">Read more about Mt 03 ABS<\/span>[&#8230;]<\/a><\/p>\n","protected":false},"featured_media":699,"comment_status":"open","ping_status":"closed","template":"","meta":{"_monsterinsights_skip_tracking":false,"_monsterinsights_sitenote_active":false,"_monsterinsights_sitenote_note":"","_monsterinsights_sitenote_category":0},"product_cat":[16,11],"product_tag":[],"aioseo_notices":[],"yoast_head":"<!-- This site is optimized with the Yoast SEO plugin v18.4.1 - https:\/\/yoast.com\/wordpress\/plugins\/seo\/ -->\r\n<title>Mt 03 ABS - CALDAS MOTOS<\/title>\r\n<meta name=\"description\" content=\"Caldas motos, yamaha manizales, manizales yamaha, yamaha, caldas yamaha\" \/>\r\n<meta name=\"robots\" content=\"index, follow, max-snippet:-1, max-image-preview:large, max-video-preview:-1\" \/>\r\n<link rel=\"canonical\" href=\"https:\/\/caldasmotos.com\/index.php\/product\/mt-03\/\" \/>\r\n<meta property=\"og:locale\" content=\"es_ES\" \/>\r\n<meta property=\"og:type\" content=\"article\" \/>\r\n<meta property=\"og:title\" content=\"Mt 03 ABS - CALDAS MOTOS\" \/>\r\n<meta property=\"og:description\" content=\"Caldas motos, yamaha manizales, manizales yamaha, yamaha, caldas yamaha\" \/>\r\n<meta property=\"og:url\" content=\"https:\/\/caldasmotos.com\/index.php\/product\/mt-03\/\" \/>\r\n<meta property=\"og:site_name\" content=\"CALDAS MOTOS\" \/>\r\n<meta property=\"article:modified_time\" content=\"2020-11-04T15:24:46+00:00\" \/>\r\n<meta property=\"og:image\" content=\"https:\/\/caldasmotos.com\/wp-content\/uploads\/2016\/12\/mt-03-2021_icefluo-1.jpg\" \/>\r\n\t<meta property=\"og:image:width\" content=\"540\" \/>\r\n\t<meta property=\"og:image:height\" content=\"422\" \/>\r\n\t<meta property=\"og:image:type\" content=\"image\/jpeg\" \/>\r\n<meta name=\"twitter:card\" content=\"summary\" \/>\r\n<meta name=\"twitter:label1\" content=\"Tiempo estimado de lectura\" \/>\n\t<meta name=\"twitter:data1\" content=\"1 minuto\" \/>\r\n<script type=\"application\/ld+json\" class=\"yoast-schema-graph\">{\"@context\":\"https:\/\/schema.org\",\"@graph\":[{\"@type\":\"Organization\",\"@id\":\"https:\/\/caldasmotos.com\/#organization\",\"name\":\"distrimotosyamaha\",\"url\":\"https:\/\/caldasmotos.com\/\",\"sameAs\":[],\"logo\":{\"@type\":\"ImageObject\",\"@id\":\"https:\/\/caldasmotos.com\/#logo\",\"inLanguage\":\"es-CO\",\"url\":\"http:\/\/caldasmotos.com\/wp-content\/uploads\/2019\/10\/5-1.png\",\"contentUrl\":\"http:\/\/caldasmotos.com\/wp-content\/uploads\/2019\/10\/5-1.png\",\"width\":1924,\"height\":398,\"caption\":\"distrimotosyamaha\"},\"image\":{\"@id\":\"https:\/\/caldasmotos.com\/#logo\"}},{\"@type\":\"WebSite\",\"@id\":\"https:\/\/caldasmotos.com\/#website\",\"url\":\"https:\/\/caldasmotos.com\/\",\"name\":\"CALDAS MOTOS\",\"description\":\"Caldas motos, yamaha manizales, manizales yamaha, yamaha, caldas yamaha\",\"publisher\":{\"@id\":\"https:\/\/caldasmotos.com\/#organization\"},\"potentialAction\":[{\"@type\":\"SearchAction\",\"target\":{\"@type\":\"EntryPoint\",\"urlTemplate\":\"https:\/\/caldasmotos.com\/?s={search_term_string}\"},\"query-input\":\"required name=search_term_string\"}],\"inLanguage\":\"es-CO\"},{\"@type\":\"ImageObject\",\"@id\":\"https:\/\/caldasmotos.com\/index.php\/product\/mt-03\/#primaryimage\",\"inLanguage\":\"es-CO\",\"url\":\"https:\/\/caldasmotos.com\/wp-content\/uploads\/2016\/12\/mt-03-2021_icefluo-1.jpg\",\"contentUrl\":\"https:\/\/caldasmotos.com\/wp-content\/uploads\/2016\/12\/mt-03-2021_icefluo-1.jpg\",\"width\":540,\"height\":422},{\"@type\":\"WebPage\",\"@id\":\"https:\/\/caldasmotos.com\/index.php\/product\/mt-03\/#webpage\",\"url\":\"https:\/\/caldasmotos.com\/index.php\/product\/mt-03\/\",\"name\":\"Mt 03 ABS - CALDAS MOTOS\",\"isPartOf\":{\"@id\":\"https:\/\/caldasmotos.com\/#website\"},\"primaryImageOfPage\":{\"@id\":\"https:\/\/caldasmotos.com\/index.php\/product\/mt-03\/#primaryimage\"},\"datePublished\":\"2016-12-12T20:54:33+00:00\",\"dateModified\":\"2020-11-04T15:24:46+00:00\",\"description\":\"Caldas motos, yamaha manizales, manizales yamaha, yamaha, caldas yamaha\",\"breadcrumb\":{\"@id\":\"https:\/\/caldasmotos.com\/index.php\/product\/mt-03\/#breadcrumb\"},\"inLanguage\":\"es-CO\",\"potentialAction\":[{\"@type\":\"ReadAction\",\"target\":[\"https:\/\/caldasmotos.com\/index.php\/product\/mt-03\/\"]}]},{\"@type\":\"BreadcrumbList\",\"@id\":\"https:\/\/caldasmotos.com\/index.php\/product\/mt-03\/#breadcrumb\",\"itemListElement\":[{\"@type\":\"ListItem\",\"position\":1,\"name\":\"Home\",\"item\":\"https:\/\/caldasmotos.com\/\"},{\"@type\":\"ListItem\",\"position\":2,\"name\":\"Shop\",\"item\":\"https:\/\/caldasmotos.com\/index.php\/shop\/\"},{\"@type\":\"ListItem\",\"position\":3,\"name\":\"Mt 03 ABS\"}]}]}<\/script>\r\n<!-- \/ Yoast SEO plugin. -->","yoast_head_json":{"title":"Mt 03 ABS - CALDAS MOTOS","description":"Caldas motos, yamaha manizales, manizales yamaha, yamaha, caldas yamaha","robots":{"index":"index","follow":"follow","max-snippet":"max-snippet:-1","max-image-preview":"max-image-preview:large","max-video-preview":"max-video-preview:-1"},"canonical":"https:\/\/caldasmotos.com\/index.php\/product\/mt-03\/","og_locale":"es_ES","og_type":"article","og_title":"Mt 03 ABS - CALDAS MOTOS","og_description":"Caldas motos, yamaha manizales, manizales yamaha, yamaha, caldas yamaha","og_url":"https:\/\/caldasmotos.com\/index.php\/product\/mt-03\/","og_site_name":"CALDAS MOTOS","article_modified_time":"2020-11-04T15:24:46+00:00","og_image":[{"width":540,"height":422,"url":"https:\/\/caldasmotos.com\/wp-content\/uploads\/2016\/12\/mt-03-2021_icefluo-1.jpg","type":"image\/jpeg"}],"twitter_card":"summary","twitter_misc":{"Tiempo estimado de lectura":"1 minuto"},"schema":{"@context":"https:\/\/schema.org","@graph":[{"@type":"Organization","@id":"https:\/\/caldasmotos.com\/#organization","name":"distrimotosyamaha","url":"https:\/\/caldasmotos.com\/","sameAs":[],"logo":{"@type":"ImageObject","@id":"https:\/\/caldasmotos.com\/#logo","inLanguage":"es-CO","url":"http:\/\/caldasmotos.com\/wp-content\/uploads\/2019\/10\/5-1.png","contentUrl":"http:\/\/caldasmotos.com\/wp-content\/uploads\/2019\/10\/5-1.png","width":1924,"height":398,"caption":"distrimotosyamaha"},"image":{"@id":"https:\/\/caldasmotos.com\/#logo"}},{"@type":"WebSite","@id":"https:\/\/caldasmotos.com\/#website","url":"https:\/\/caldasmotos.com\/","name":"CALDAS MOTOS","description":"Caldas motos, yamaha manizales, manizales yamaha, yamaha, caldas yamaha","publisher":{"@id":"https:\/\/caldasmotos.com\/#organization"},"potentialAction":[{"@type":"SearchAction","target":{"@type":"EntryPoint","urlTemplate":"https:\/\/caldasmotos.com\/?s={search_term_string}"},"query-input":"required name=search_term_string"}],"inLanguage":"es-CO"},{"@type":"ImageObject","@id":"https:\/\/caldasmotos.com\/index.php\/product\/mt-03\/#primaryimage","inLanguage":"es-CO","url":"https:\/\/caldasmotos.com\/wp-content\/uploads\/2016\/12\/mt-03-2021_icefluo-1.jpg","contentUrl":"https:\/\/caldasmotos.com\/wp-content\/uploads\/2016\/12\/mt-03-2021_icefluo-1.jpg","width":540,"height":422},{"@type":"WebPage","@id":"https:\/\/caldasmotos.com\/index.php\/product\/mt-03\/#webpage","url":"https:\/\/caldasmotos.com\/index.php\/product\/mt-03\/","name":"Mt 03 ABS - CALDAS MOTOS","isPartOf":{"@id":"https:\/\/caldasmotos.com\/#website"},"primaryImageOfPage":{"@id":"https:\/\/caldasmotos.com\/index.php\/product\/mt-03\/#primaryimage"},"datePublished":"2016-12-12T20:54:33+00:00","dateModified":"2020-11-04T15:24:46+00:00","description":"Caldas motos, yamaha manizales, manizales yamaha, yamaha, caldas yamaha","breadcrumb":{"@id":"https:\/\/caldasmotos.com\/index.php\/product\/mt-03\/#breadcrumb"},"inLanguage":"es-CO","potentialAction":[{"@type":"ReadAction","target":["https:\/\/caldasmotos.com\/index.php\/product\/mt-03\/"]}]},{"@type":"BreadcrumbList","@id":"https:\/\/caldasmotos.com\/index.php\/product\/mt-03\/#breadcrumb","itemListElement":[{"@type":"ListItem","position":1,"name":"Home","item":"https:\/\/caldasmotos.com\/"},{"@type":"ListItem","position":2,"name":"Shop","item":"https:\/\/caldasmotos.com\/index.php\/shop\/"},{"@type":"ListItem","position":3,"name":"Mt 03 ABS"}]}]}},"_links":{"self":[{"href":"https:\/\/caldasmotos.com\/index.php\/wp-json\/wp\/v2\/product\/203"}],"collection":[{"href":"https:\/\/caldasmotos.com\/index.php\/wp-json\/wp\/v2\/product"}],"about":[{"href":"https:\/\/caldasmotos.com\/index.php\/wp-json\/wp\/v2\/types\/product"}],"replies":[{"embeddable":true,"href":"https:\/\/caldasmotos.com\/index.php\/wp-json\/wp\/v2\/comments?post=203"}],"wp:featuredmedia":[{"embeddable":true,"href":"https:\/\/caldasmotos.com\/index.php\/wp-json\/wp\/v2\/media\/699"}],"wp:attachment":[{"href":"https:\/\/caldasmotos.com\/index.php\/wp-json\/wp\/v2\/media?parent=203"}],"wp:term":[{"taxonomy":"product_cat","embeddable":true,"href":"https:\/\/caldasmotos.com\/index.php\/wp-json\/wp\/v2\/product_cat?post=203"},{"taxonomy":"product_tag","embeddable":true,"href":"https:\/\/caldasmotos.com\/index.php\/wp-json\/wp\/v2\/product_tag?post=203"}],"curies":[{"name":"wp","href":"https:\/\/api.w.org\/{rel}","templated":true}]}}