{"id":335,"date":"2017-03-16T19:21:34","date_gmt":"2017-03-16T19:21:34","guid":{"rendered":"http:\/\/simbiosystemas-001-site6.gtempurl.com\/?post_type=product&#038;p=335"},"modified":"2020-10-22T13:32:33","modified_gmt":"2020-10-22T13:32:33","slug":"wr250","status":"publish","type":"product","link":"https:\/\/caldasmotos.com\/index.php\/product\/wr250\/","title":{"rendered":"Wr250F"},"content":{"rendered":"<h2>Especificaciones t\u00e9cnicas WR 250 F<\/h2>\n<table class=\"tablaDetallesProducto\" border=\"0\" cellspacing=\"1\" cellpadding=\"0\">\n<tbody>\n<tr>\n<td align=\"center\"><strong>Tipo de Motor<\/strong><\/td>\n<td align=\"center\">4 Tiempos DOHC<\/td>\n<\/tr>\n<tr>\n<td class=\"tdGrey\" align=\"center\"><strong>Cilindrada<\/strong><\/td>\n<td class=\"tdGrey\" align=\"center\">250 cc<\/td>\n<\/tr>\n<tr>\n<td class=\"tdGrey\" align=\"center\"><strong>Relaci\u00f3n de compresi\u00f3n<\/strong><\/td>\n<td class=\"tdGrey\" align=\"center\">13.5:1<\/td>\n<\/tr>\n<tr>\n<td align=\"center\"><strong>Encendido<\/strong><\/td>\n<td align=\"center\">TCI<\/td>\n<\/tr>\n<tr>\n<td class=\"tdGrey\" align=\"center\"><strong>Tipo de lubricaci\u00f3n<\/strong><\/td>\n<td class=\"tdGrey\" align=\"center\">C\u00e1rter h\u00famedo<\/td>\n<\/tr>\n<tr>\n<td align=\"center\"><strong>Capacidad del tanque de combustible<\/strong><\/td>\n<td align=\"center\">7,5 L<\/td>\n<\/tr>\n<tr>\n<td align=\"center\"><strong>Relaci\u00f3n de reducci\u00f3n primaria \/ secundaria<\/strong><\/td>\n<td align=\"center\">57\/17 3.353 &#8211; 50\/13 3.846<\/td>\n<\/tr>\n<tr>\n<td class=\"tdGrey\" align=\"center\"><strong>Tipo de embrague<\/strong><\/td>\n<td class=\"tdGrey\" align=\"center\">Multidisco h\u00famedo con resorte en espiral<\/td>\n<\/tr>\n<tr>\n<td align=\"center\"><strong>Tipo de transmisi\u00f3n<\/strong><\/td>\n<td align=\"center\">Transmision constante de 6 velocidades<\/td>\n<\/tr>\n<tr>\n<td align=\"center\"><strong>Sistema de Transmisi\u00f3n Final<\/strong><\/td>\n<td align=\"center\">Cadena<\/td>\n<\/tr>\n<tr>\n<td align=\"center\"><strong>Tama\u00f1o llanta delantera \/ trasera<\/strong><\/td>\n<td align=\"center\">80\/100-21 51M \/ 110\/100\/18 64M<\/td>\n<\/tr>\n<tr>\n<td align=\"center\"><strong>Tipo de suspensi\u00f3n delantera<\/strong><\/td>\n<td align=\"center\">Horquilla telesc\u00f3pica<\/td>\n<\/tr>\n<tr>\n<td class=\"tdGrey\" align=\"center\"><strong>Tipo de suspensi\u00f3n trasera<\/strong><\/td>\n<td class=\"tdGrey\" align=\"center\">Basculante (por bieletas)<\/td>\n<\/tr>\n<tr>\n<td align=\"center\"><strong>Capacidad bater\u00eda<\/strong><\/td>\n<td align=\"center\">12V, 6 Ah<\/td>\n<\/tr>\n<tr>\n<td align=\"center\"><strong>Largo total x ancho x alto<\/strong><\/td>\n<td align=\"center\">2165 x 825 x 1280<\/td>\n<\/tr>\n<tr>\n<td class=\"tdGrey\" align=\"center\"><strong>Altura del asiento<\/strong><\/td>\n<td class=\"tdGrey\" align=\"center\">965mm<\/td>\n<\/tr>\n<tr>\n<td align=\"center\"><strong>Distancia entre ejes<\/strong><\/td>\n<td align=\"center\">1465 mm<\/td>\n<\/tr>\n<tr>\n<td class=\"tdGrey\" align=\"center\"><strong>Distancia m\u00ednima del piso<\/strong><\/td>\n<td class=\"tdGrey\" align=\"center\">325 mm<\/td>\n<\/tr>\n<tr>\n<td align=\"center\"><strong>Peso con aceite y gasolina<\/strong><\/td>\n<td align=\"center\">117 kg<\/td>\n<\/tr>\n<tr>\n<td align=\"center\">\u00a0<strong>Disposici\u00f3n cilindros<\/strong><\/td>\n<td align=\"center\">1 Cilindro<\/td>\n<\/tr>\n<tr>\n<td align=\"center\">\u00a0<strong>Di\u00e1metro por carrera<\/strong><\/td>\n<td align=\"center\">77.0 X 53.6 mm<\/td>\n<\/tr>\n<tr>\n<td align=\"center\">\u00a0<strong>Freno delantero &#8211; Freno trasero<\/strong><\/td>\n<td align=\"center\">Disco &#8211; Disco<\/td>\n<\/tr>\n<tr>\n<td align=\"center\">\u00a0<strong>Relacion Transmision 1ra<\/strong><\/td>\n<td align=\"center\">31\/13 2.385<\/td>\n<\/tr>\n<tr>\n<td align=\"center\">\u00a0<strong>Relacion Transmision 2da<\/strong><\/td>\n<td align=\"center\">29\/16 1.813<\/td>\n<\/tr>\n<tr>\n<td align=\"center\">\u00a0<strong>Relacion Transmision 3ra<\/strong><\/td>\n<td align=\"center\">26\/18 1.444<\/td>\n<\/tr>\n<tr>\n<td align=\"center\">\u00a0<strong>Relacion Transmision 4ta<\/strong><\/td>\n<td align=\"center\">24\/21 1.143<\/td>\n<\/tr>\n<tr>\n<td align=\"center\">\u00a0<strong>Relacion Transmision 5ta<\/strong><\/td>\n<td align=\"center\">22\/23 0.957<\/td>\n<\/tr>\n<tr>\n<td align=\"center\">\u00a0<strong>Relacion Transmision 6ta<\/strong><\/td>\n<td align=\"center\">22\/27 0.815<\/td>\n<\/tr>\n<\/tbody>\n<\/table>\n","protected":false},"excerpt":{"rendered":"<h1 style=\"text-align: center;\">WR 250F<\/h1>\n<p>Ganando por tercer a\u00f1o consecutivo el campeonato del mundo de la categor\u00eda 250cc, la Yamaha WR250F es sin duda alguna la n\u00famero uno en su clase, con un potente motor de 4 tiempos, refrigerado por l\u00edquido, DOHC, 5 v\u00e1lvulas de titanio, 249 c.c. Arranque el\u00e9ctrico para mayor confort. Los terrenos por los que circulan los pilotos de enduro son muy diferentes a los de los pilotos de motocross, y por este motivo la WR 450F y WR 250F est\u00e1n equipadas con nuevos componentes internos en la horquilla delantera. 5 velocidades con embrague h\u00famedo<\/p>\n","protected":false},"featured_media":336,"comment_status":"open","ping_status":"closed","template":"","meta":{"_monsterinsights_skip_tracking":false,"_monsterinsights_sitenote_active":false,"_monsterinsights_sitenote_note":"","_monsterinsights_sitenote_category":0},"product_cat":[21],"product_tag":[],"aioseo_notices":[],"yoast_head":"<!-- This site is optimized with the Yoast SEO plugin v18.4.1 - https:\/\/yoast.com\/wordpress\/plugins\/seo\/ -->\r\n<title>Wr250F - CALDAS MOTOS<\/title>\r\n<meta name=\"description\" content=\"Caldas motos, yamaha manizales, manizales yamaha, yamaha, caldas yamaha\" \/>\r\n<meta name=\"robots\" content=\"index, follow, max-snippet:-1, max-image-preview:large, max-video-preview:-1\" \/>\r\n<link rel=\"canonical\" href=\"https:\/\/caldasmotos.com\/index.php\/product\/wr250\/\" \/>\r\n<meta property=\"og:locale\" content=\"es_ES\" \/>\r\n<meta property=\"og:type\" content=\"article\" \/>\r\n<meta property=\"og:title\" content=\"Wr250F - CALDAS MOTOS\" \/>\r\n<meta property=\"og:description\" content=\"Caldas motos, yamaha manizales, manizales yamaha, yamaha, caldas yamaha\" \/>\r\n<meta property=\"og:url\" content=\"https:\/\/caldasmotos.com\/index.php\/product\/wr250\/\" \/>\r\n<meta property=\"og:site_name\" content=\"CALDAS MOTOS\" \/>\r\n<meta property=\"article:modified_time\" content=\"2020-10-22T13:32:33+00:00\" \/>\r\n<meta property=\"og:image\" content=\"https:\/\/caldasmotos.com\/wp-content\/uploads\/2017\/03\/wr250f-01.png\" \/>\r\n\t<meta property=\"og:image:width\" content=\"494\" \/>\r\n\t<meta property=\"og:image:height\" content=\"438\" \/>\r\n\t<meta property=\"og:image:type\" content=\"image\/png\" \/>\r\n<meta name=\"twitter:card\" content=\"summary\" \/>\r\n<meta name=\"twitter:label1\" content=\"Tiempo estimado de lectura\" \/>\n\t<meta name=\"twitter:data1\" content=\"1 minuto\" \/>\r\n<script type=\"application\/ld+json\" class=\"yoast-schema-graph\">{\"@context\":\"https:\/\/schema.org\",\"@graph\":[{\"@type\":\"Organization\",\"@id\":\"https:\/\/caldasmotos.com\/#organization\",\"name\":\"distrimotosyamaha\",\"url\":\"https:\/\/caldasmotos.com\/\",\"sameAs\":[],\"logo\":{\"@type\":\"ImageObject\",\"@id\":\"https:\/\/caldasmotos.com\/#logo\",\"inLanguage\":\"es-CO\",\"url\":\"http:\/\/caldasmotos.com\/wp-content\/uploads\/2019\/10\/5-1.png\",\"contentUrl\":\"http:\/\/caldasmotos.com\/wp-content\/uploads\/2019\/10\/5-1.png\",\"width\":1924,\"height\":398,\"caption\":\"distrimotosyamaha\"},\"image\":{\"@id\":\"https:\/\/caldasmotos.com\/#logo\"}},{\"@type\":\"WebSite\",\"@id\":\"https:\/\/caldasmotos.com\/#website\",\"url\":\"https:\/\/caldasmotos.com\/\",\"name\":\"CALDAS MOTOS\",\"description\":\"Caldas motos, yamaha manizales, manizales yamaha, yamaha, caldas yamaha\",\"publisher\":{\"@id\":\"https:\/\/caldasmotos.com\/#organization\"},\"potentialAction\":[{\"@type\":\"SearchAction\",\"target\":{\"@type\":\"EntryPoint\",\"urlTemplate\":\"https:\/\/caldasmotos.com\/?s={search_term_string}\"},\"query-input\":\"required name=search_term_string\"}],\"inLanguage\":\"es-CO\"},{\"@type\":\"ImageObject\",\"@id\":\"https:\/\/caldasmotos.com\/index.php\/product\/wr250\/#primaryimage\",\"inLanguage\":\"es-CO\",\"url\":\"https:\/\/caldasmotos.com\/wp-content\/uploads\/2017\/03\/wr250f-01.png\",\"contentUrl\":\"https:\/\/caldasmotos.com\/wp-content\/uploads\/2017\/03\/wr250f-01.png\",\"width\":494,\"height\":438},{\"@type\":\"WebPage\",\"@id\":\"https:\/\/caldasmotos.com\/index.php\/product\/wr250\/#webpage\",\"url\":\"https:\/\/caldasmotos.com\/index.php\/product\/wr250\/\",\"name\":\"Wr250F - CALDAS MOTOS\",\"isPartOf\":{\"@id\":\"https:\/\/caldasmotos.com\/#website\"},\"primaryImageOfPage\":{\"@id\":\"https:\/\/caldasmotos.com\/index.php\/product\/wr250\/#primaryimage\"},\"datePublished\":\"2017-03-16T19:21:34+00:00\",\"dateModified\":\"2020-10-22T13:32:33+00:00\",\"description\":\"Caldas motos, yamaha manizales, manizales yamaha, yamaha, caldas yamaha\",\"breadcrumb\":{\"@id\":\"https:\/\/caldasmotos.com\/index.php\/product\/wr250\/#breadcrumb\"},\"inLanguage\":\"es-CO\",\"potentialAction\":[{\"@type\":\"ReadAction\",\"target\":[\"https:\/\/caldasmotos.com\/index.php\/product\/wr250\/\"]}]},{\"@type\":\"BreadcrumbList\",\"@id\":\"https:\/\/caldasmotos.com\/index.php\/product\/wr250\/#breadcrumb\",\"itemListElement\":[{\"@type\":\"ListItem\",\"position\":1,\"name\":\"Home\",\"item\":\"https:\/\/caldasmotos.com\/\"},{\"@type\":\"ListItem\",\"position\":2,\"name\":\"Shop\",\"item\":\"https:\/\/caldasmotos.com\/index.php\/shop\/\"},{\"@type\":\"ListItem\",\"position\":3,\"name\":\"Wr250F\"}]}]}<\/script>\r\n<!-- \/ Yoast SEO plugin. -->","yoast_head_json":{"title":"Wr250F - CALDAS MOTOS","description":"Caldas motos, yamaha manizales, manizales yamaha, yamaha, caldas yamaha","robots":{"index":"index","follow":"follow","max-snippet":"max-snippet:-1","max-image-preview":"max-image-preview:large","max-video-preview":"max-video-preview:-1"},"canonical":"https:\/\/caldasmotos.com\/index.php\/product\/wr250\/","og_locale":"es_ES","og_type":"article","og_title":"Wr250F - CALDAS MOTOS","og_description":"Caldas motos, yamaha manizales, manizales yamaha, yamaha, caldas yamaha","og_url":"https:\/\/caldasmotos.com\/index.php\/product\/wr250\/","og_site_name":"CALDAS MOTOS","article_modified_time":"2020-10-22T13:32:33+00:00","og_image":[{"width":494,"height":438,"url":"https:\/\/caldasmotos.com\/wp-content\/uploads\/2017\/03\/wr250f-01.png","type":"image\/png"}],"twitter_card":"summary","twitter_misc":{"Tiempo estimado de lectura":"1 minuto"},"schema":{"@context":"https:\/\/schema.org","@graph":[{"@type":"Organization","@id":"https:\/\/caldasmotos.com\/#organization","name":"distrimotosyamaha","url":"https:\/\/caldasmotos.com\/","sameAs":[],"logo":{"@type":"ImageObject","@id":"https:\/\/caldasmotos.com\/#logo","inLanguage":"es-CO","url":"http:\/\/caldasmotos.com\/wp-content\/uploads\/2019\/10\/5-1.png","contentUrl":"http:\/\/caldasmotos.com\/wp-content\/uploads\/2019\/10\/5-1.png","width":1924,"height":398,"caption":"distrimotosyamaha"},"image":{"@id":"https:\/\/caldasmotos.com\/#logo"}},{"@type":"WebSite","@id":"https:\/\/caldasmotos.com\/#website","url":"https:\/\/caldasmotos.com\/","name":"CALDAS MOTOS","description":"Caldas motos, yamaha manizales, manizales yamaha, yamaha, caldas yamaha","publisher":{"@id":"https:\/\/caldasmotos.com\/#organization"},"potentialAction":[{"@type":"SearchAction","target":{"@type":"EntryPoint","urlTemplate":"https:\/\/caldasmotos.com\/?s={search_term_string}"},"query-input":"required name=search_term_string"}],"inLanguage":"es-CO"},{"@type":"ImageObject","@id":"https:\/\/caldasmotos.com\/index.php\/product\/wr250\/#primaryimage","inLanguage":"es-CO","url":"https:\/\/caldasmotos.com\/wp-content\/uploads\/2017\/03\/wr250f-01.png","contentUrl":"https:\/\/caldasmotos.com\/wp-content\/uploads\/2017\/03\/wr250f-01.png","width":494,"height":438},{"@type":"WebPage","@id":"https:\/\/caldasmotos.com\/index.php\/product\/wr250\/#webpage","url":"https:\/\/caldasmotos.com\/index.php\/product\/wr250\/","name":"Wr250F - CALDAS MOTOS","isPartOf":{"@id":"https:\/\/caldasmotos.com\/#website"},"primaryImageOfPage":{"@id":"https:\/\/caldasmotos.com\/index.php\/product\/wr250\/#primaryimage"},"datePublished":"2017-03-16T19:21:34+00:00","dateModified":"2020-10-22T13:32:33+00:00","description":"Caldas motos, yamaha manizales, manizales yamaha, yamaha, caldas yamaha","breadcrumb":{"@id":"https:\/\/caldasmotos.com\/index.php\/product\/wr250\/#breadcrumb"},"inLanguage":"es-CO","potentialAction":[{"@type":"ReadAction","target":["https:\/\/caldasmotos.com\/index.php\/product\/wr250\/"]}]},{"@type":"BreadcrumbList","@id":"https:\/\/caldasmotos.com\/index.php\/product\/wr250\/#breadcrumb","itemListElement":[{"@type":"ListItem","position":1,"name":"Home","item":"https:\/\/caldasmotos.com\/"},{"@type":"ListItem","position":2,"name":"Shop","item":"https:\/\/caldasmotos.com\/index.php\/shop\/"},{"@type":"ListItem","position":3,"name":"Wr250F"}]}]}},"_links":{"self":[{"href":"https:\/\/caldasmotos.com\/index.php\/wp-json\/wp\/v2\/product\/335"}],"collection":[{"href":"https:\/\/caldasmotos.com\/index.php\/wp-json\/wp\/v2\/product"}],"about":[{"href":"https:\/\/caldasmotos.com\/index.php\/wp-json\/wp\/v2\/types\/product"}],"replies":[{"embeddable":true,"href":"https:\/\/caldasmotos.com\/index.php\/wp-json\/wp\/v2\/comments?post=335"}],"wp:featuredmedia":[{"embeddable":true,"href":"https:\/\/caldasmotos.com\/index.php\/wp-json\/wp\/v2\/media\/336"}],"wp:attachment":[{"href":"https:\/\/caldasmotos.com\/index.php\/wp-json\/wp\/v2\/media?parent=335"}],"wp:term":[{"taxonomy":"product_cat","embeddable":true,"href":"https:\/\/caldasmotos.com\/index.php\/wp-json\/wp\/v2\/product_cat?post=335"},{"taxonomy":"product_tag","embeddable":true,"href":"https:\/\/caldasmotos.com\/index.php\/wp-json\/wp\/v2\/product_tag?post=335"}],"curies":[{"name":"wp","href":"https:\/\/api.w.org\/{rel}","templated":true}]}}